{"version":"1.0","provider_name":"Hotta Advocacia","provider_url":"https:\/\/hottaadvocacia.com\/pt-br\/","author_name":"Karen","author_url":"https:\/\/hottaadvocacia.com\/pt-br\/author\/kvencovsky\/","title":"Fot\u00f3grafo vai fazer exposi\u00e7\u00e3o de fotos de v\u00edtimas da barragem de Mariana","type":"rich","width":600,"height":338,"html":"<blockquote class=\"wp-embedded-content\" data-secret=\"WKkXpbTr6a\"><a href=\"https:\/\/hottaadvocacia.com\/pt-br\/press\/fotografo-exposicao-vitimas-barragem-mariana\/\">Fot\u00f3grafo vai fazer exposi\u00e7\u00e3o de fotos de v\u00edtimas da barragem de Mariana<\/a><\/blockquote><iframe sandbox=\"allow-scripts\" security=\"restricted\" src=\"https:\/\/hottaadvocacia.com\/pt-br\/press\/fotografo-exposicao-vitimas-barragem-mariana\/embed\/#?secret=WKkXpbTr6a\" width=\"600\" height=\"338\" title=\"&#8220;Fot\u00f3grafo vai fazer exposi\u00e7\u00e3o de fotos de v\u00edtimas da barragem de Mariana&#8221; &#8212; Hotta Advocacia\" data-secret=\"WKkXpbTr6a\" frameborder=\"0\" marginwidth=\"0\" marginheight=\"0\" scrolling=\"no\" class=\"wp-embedded-content\"><\/iframe><script>\n\/*! This file is auto-generated *\/\n!function(d,l){\"use strict\";l.querySelector&&d.addEventListener&&\"undefined\"!=typeof URL&&(d.wp=d.wp||{},d.wp.receiveEmbedMessage||(d.wp.receiveEmbedMessage=function(e){var t=e.data;if((t||t.secret||t.message||t.value)&&!\/[^a-zA-Z0-9]\/.test(t.secret)){for(var s,r,n,a=l.querySelectorAll('iframe[data-secret=\"'+t.secret+'\"]'),o=l.querySelectorAll('blockquote[data-secret=\"'+t.secret+'\"]'),c=new RegExp(\"^https?:$\",\"i\"),i=0;i<o.length;i++)o[i].style.display=\"none\";for(i=0;i<a.length;i++)s=a[i],e.source===s.contentWindow&&(s.removeAttribute(\"style\"),\"height\"===t.message?(1e3<(r=parseInt(t.value,10))?r=1e3:~~r<200&&(r=200),s.height=r):\"link\"===t.message&&(r=new URL(s.getAttribute(\"src\")),n=new URL(t.value),c.test(n.protocol))&&n.host===r.host&&l.activeElement===s&&(d.top.location.href=t.value))}},d.addEventListener(\"message\",d.wp.receiveEmbedMessage,!1),l.addEventListener(\"DOMContentLoaded\",function(){for(var e,t,s=l.querySelectorAll(\"iframe.wp-embedded-content\"),r=0;r<s.length;r++)(t=(e=s[r]).getAttribute(\"data-secret\"))||(t=Math.random().toString(36).substring(2,12),e.src+=\"#?secret=\"+t,e.setAttribute(\"data-secret\",t)),e.contentWindow.postMessage({message:\"ready\",secret:t},\"*\")},!1)))}(window,document);\n\/\/# sourceURL=https:\/\/hottaadvocacia.com\/wp-includes\/js\/wp-embed.min.js\n<\/script>\n","thumbnail_url":"https:\/\/hottaadvocacia.com\/wp-content\/uploads\/2023\/03\/team.png","thumbnail_width":1200,"thumbnail_height":800,"description":"O fot\u00f3grafo conhecido por registrar Lula carregado por uma multid\u00e3o antes de ser preso vai fazer uma exposi\u00e7\u00e3o com imagens de v\u00edtimas do rompimento da barragem de Mariana (MG), em novembro de 2015."}